{"id":128,"date":"2021-02-23T12:54:15","date_gmt":"2021-02-23T11:54:15","guid":{"rendered":"https:\/\/tfk-berlin.de\/neu\/?page_id=128"},"modified":"2023-01-24T12:44:22","modified_gmt":"2023-01-24T11:44:22","slug":"die-kleider","status":"publish","type":"page","link":"https:\/\/tfk-berlin.de\/?page_id=128","title":{"rendered":"Die Kleider"},"content":{"rendered":"\n<p>von Helmut Kajzar<br>Deutsch von Peter Lachmann<\/p>\n\n\n\n<p>mit Anemone Poland<br>Bearbeitung und Regie: Barbara Focke<\/p>\n\n\n<div class=\"pgc-sgb-cb wp-block-pgcsimplygalleryblock-slider \" data-gallery-id=\"f0582009\"style=&quot;min-height:400px&quot;><div class=\"sgb-preloader\" id=\"pr_f0582009\">\n\t<div class=\"sgb-square\" style=\"background:#d4d4d4\"><\/div>\n\t<div class=\"sgb-square\" style=\"background:#d4d4d4\"><\/div>\n\t<div class=\"sgb-square\" style=\"background:#d4d4d4\"><\/div>\n\t<div class=\"sgb-square\" style=\"background:#d4d4d4\"><\/div><\/div><div class=\"simply-gallery-amp pgc_sgb_slider \"><noscript><div class=\"sgb-gallery\"><div class=\"sgb-item\"><a href=\"https:\/\/tfk-berlin.de\/?attachment_id=2269\" target=\"_blank\"><img decoding=\"async\" alt=\"\" width=\"300\" height=\"207\" loading=\"lazy\" src=\"https:\/\/tfk-berlin.de\/neu\/wp-content\/uploads\/2021\/09\/Die-Kleider-01-300x207.jpg\" srcset=\"https:\/\/tfk-berlin.de\/neu\/wp-content\/uploads\/2021\/09\/Die-Kleider-01-300x207.jpg 300w,https:\/\/tfk-berlin.de\/neu\/wp-content\/uploads\/2021\/09\/Die-Kleider-01-1024x705.jpg 1024w,https:\/\/tfk-berlin.de\/neu\/wp-content\/uploads\/2021\/09\/Die-Kleider-01.jpg 1200w\" sizes=\"auto, 250px\"\/><\/a><\/div><div class=\"sgb-item\"><a href=\"https:\/\/tfk-berlin.de\/?attachment_id=2270\" target=\"_blank\"><img decoding=\"async\" alt=\"\" width=\"300\" height=\"207\" loading=\"lazy\" src=\"https:\/\/tfk-berlin.de\/neu\/wp-content\/uploads\/2021\/09\/Die-Kleider-02-300x207.jpg\" srcset=\"https:\/\/tfk-berlin.de\/neu\/wp-content\/uploads\/2021\/09\/Die-Kleider-02-300x207.jpg 300w,https:\/\/tfk-berlin.de\/neu\/wp-content\/uploads\/2021\/09\/Die-Kleider-02-1024x705.jpg 1024w,https:\/\/tfk-berlin.de\/neu\/wp-content\/uploads\/2021\/09\/Die-Kleider-02.jpg 1200w\" sizes=\"auto, 250px\"\/><\/a><\/div><div class=\"sgb-item\"><a href=\"https:\/\/tfk-berlin.de\/?attachment_id=2271\" target=\"_blank\"><img decoding=\"async\" alt=\"\" width=\"300\" height=\"207\" loading=\"lazy\" src=\"https:\/\/tfk-berlin.de\/neu\/wp-content\/uploads\/2021\/09\/Die-Kleider-03-300x207.jpg\" srcset=\"https:\/\/tfk-berlin.de\/neu\/wp-content\/uploads\/2021\/09\/Die-Kleider-03-300x207.jpg 300w,https:\/\/tfk-berlin.de\/neu\/wp-content\/uploads\/2021\/09\/Die-Kleider-03-1024x705.jpg 1024w,https:\/\/tfk-berlin.de\/neu\/wp-content\/uploads\/2021\/09\/Die-Kleider-03.jpg 1200w\" sizes=\"auto, 250px\"\/><\/a><\/div><div class=\"sgb-item\"><a href=\"https:\/\/tfk-berlin.de\/?attachment_id=2272\" target=\"_blank\"><img decoding=\"async\" alt=\"\" width=\"300\" height=\"207\" loading=\"lazy\" src=\"https:\/\/tfk-berlin.de\/neu\/wp-content\/uploads\/2021\/09\/Die-Kleider-04-300x207.jpg\" srcset=\"https:\/\/tfk-berlin.de\/neu\/wp-content\/uploads\/2021\/09\/Die-Kleider-04-300x207.jpg 300w,https:\/\/tfk-berlin.de\/neu\/wp-content\/uploads\/2021\/09\/Die-Kleider-04-1024x705.jpg 1024w,https:\/\/tfk-berlin.de\/neu\/wp-content\/uploads\/2021\/09\/Die-Kleider-04.jpg 1200w\" sizes=\"auto, 250px\"\/><\/a><\/div><div class=\"sgb-item\"><a href=\"https:\/\/tfk-berlin.de\/?attachment_id=2273\" target=\"_blank\"><img decoding=\"async\" alt=\"\" width=\"211\" height=\"300\" loading=\"lazy\" src=\"https:\/\/tfk-berlin.de\/neu\/wp-content\/uploads\/2021\/09\/Die-Kleider-05-211x300.jpg\" srcset=\"https:\/\/tfk-berlin.de\/neu\/wp-content\/uploads\/2021\/09\/Die-Kleider-05-211x300.jpg 211w,https:\/\/tfk-berlin.de\/neu\/wp-content\/uploads\/2021\/09\/Die-Kleider-05.jpg 600w\" sizes=\"auto, 250px\"\/><\/a><\/div><div class=\"sgb-item\"><a href=\"https:\/\/tfk-berlin.de\/?attachment_id=2274\" target=\"_blank\"><img decoding=\"async\" alt=\"\" width=\"211\" height=\"300\" loading=\"lazy\" src=\"https:\/\/tfk-berlin.de\/neu\/wp-content\/uploads\/2021\/09\/Die-Kleider-06-211x300.jpg\" srcset=\"https:\/\/tfk-berlin.de\/neu\/wp-content\/uploads\/2021\/09\/Die-Kleider-06-211x300.jpg 211w,https:\/\/tfk-berlin.de\/neu\/wp-content\/uploads\/2021\/09\/Die-Kleider-06.jpg 600w\" sizes=\"auto, 250px\"\/><\/a><\/div><div class=\"sgb-item\"><a href=\"https:\/\/tfk-berlin.de\/?attachment_id=2275\" target=\"_blank\"><img decoding=\"async\" alt=\"\" width=\"211\" height=\"300\" loading=\"lazy\" src=\"https:\/\/tfk-berlin.de\/neu\/wp-content\/uploads\/2021\/09\/Die-Kleider-07-211x300.jpg\" srcset=\"https:\/\/tfk-berlin.de\/neu\/wp-content\/uploads\/2021\/09\/Die-Kleider-07-211x300.jpg 211w,https:\/\/tfk-berlin.de\/neu\/wp-content\/uploads\/2021\/09\/Die-Kleider-07.jpg 600w\" sizes=\"auto, 250px\"\/><\/a><\/div><div class=\"sgb-item\"><a href=\"https:\/\/tfk-berlin.de\/?attachment_id=2276\" target=\"_blank\"><img decoding=\"async\" alt=\"\" width=\"211\" height=\"300\" loading=\"lazy\" src=\"https:\/\/tfk-berlin.de\/neu\/wp-content\/uploads\/2021\/09\/Die-Kleider-08-211x300.jpg\" srcset=\"https:\/\/tfk-berlin.de\/neu\/wp-content\/uploads\/2021\/09\/Die-Kleider-08-211x300.jpg 211w,https:\/\/tfk-berlin.de\/neu\/wp-content\/uploads\/2021\/09\/Die-Kleider-08.jpg 600w\" sizes=\"auto, 250px\"\/><\/a><\/div><div class=\"sgb-item\"><a href=\"https:\/\/tfk-berlin.de\/?attachment_id=2277\" target=\"_blank\"><img decoding=\"async\" alt=\"\" width=\"211\" height=\"300\" loading=\"lazy\" src=\"https:\/\/tfk-berlin.de\/neu\/wp-content\/uploads\/2021\/09\/Die-Kleider-09-211x300.jpg\" srcset=\"https:\/\/tfk-berlin.de\/neu\/wp-content\/uploads\/2021\/09\/Die-Kleider-09-211x300.jpg 211w,https:\/\/tfk-berlin.de\/neu\/wp-content\/uploads\/2021\/09\/Die-Kleider-09.jpg 600w\" sizes=\"auto, 250px\"\/><\/a><\/div><div class=\"sgb-item\"><a href=\"https:\/\/tfk-berlin.de\/?attachment_id=2278\" target=\"_blank\"><img decoding=\"async\" alt=\"\" width=\"300\" height=\"207\" loading=\"lazy\" src=\"https:\/\/tfk-berlin.de\/neu\/wp-content\/uploads\/2021\/09\/Die-Kleider-10-300x207.jpg\" srcset=\"https:\/\/tfk-berlin.de\/neu\/wp-content\/uploads\/2021\/09\/Die-Kleider-10-300x207.jpg 300w,https:\/\/tfk-berlin.de\/neu\/wp-content\/uploads\/2021\/09\/Die-Kleider-10-1024x707.jpg 1024w,https:\/\/tfk-berlin.de\/neu\/wp-content\/uploads\/2021\/09\/Die-Kleider-10.jpg 1200w\" sizes=\"auto, 250px\"\/><\/a><\/div><div class=\"sgb-item\"><a href=\"https:\/\/tfk-berlin.de\/?attachment_id=2279\" target=\"_blank\"><img decoding=\"async\" alt=\"\" width=\"300\" height=\"207\" loading=\"lazy\" src=\"https:\/\/tfk-berlin.de\/neu\/wp-content\/uploads\/2021\/09\/Die-Kleider-11-300x207.jpg\" srcset=\"https:\/\/tfk-berlin.de\/neu\/wp-content\/uploads\/2021\/09\/Die-Kleider-11-300x207.jpg 300w,https:\/\/tfk-berlin.de\/neu\/wp-content\/uploads\/2021\/09\/Die-Kleider-11-1024x707.jpg 1024w,https:\/\/tfk-berlin.de\/neu\/wp-content\/uploads\/2021\/09\/Die-Kleider-11.jpg 1200w\" sizes=\"auto, 250px\"\/><\/a><\/div><div class=\"sgb-item\"><a href=\"https:\/\/tfk-berlin.de\/?attachment_id=2280\" target=\"_blank\"><img decoding=\"async\" alt=\"\" width=\"211\" height=\"300\" loading=\"lazy\" src=\"https:\/\/tfk-berlin.de\/neu\/wp-content\/uploads\/2021\/09\/Die-Kleider-12-211x300.jpg\" srcset=\"https:\/\/tfk-berlin.de\/neu\/wp-content\/uploads\/2021\/09\/Die-Kleider-12-211x300.jpg 211w,https:\/\/tfk-berlin.de\/neu\/wp-content\/uploads\/2021\/09\/Die-Kleider-12.jpg 600w\" sizes=\"auto, 250px\"\/><\/a><\/div><div class=\"sgb-item\"><a href=\"https:\/\/tfk-berlin.de\/?attachment_id=2281\" target=\"_blank\"><img decoding=\"async\" alt=\"\" width=\"211\" height=\"300\" loading=\"lazy\" src=\"https:\/\/tfk-berlin.de\/neu\/wp-content\/uploads\/2021\/09\/Die-Kleider-13-211x300.jpg\" srcset=\"https:\/\/tfk-berlin.de\/neu\/wp-content\/uploads\/2021\/09\/Die-Kleider-13-211x300.jpg 211w,https:\/\/tfk-berlin.de\/neu\/wp-content\/uploads\/2021\/09\/Die-Kleider-13.jpg 600w\" sizes=\"auto, 250px\"\/><\/a><\/div><div class=\"sgb-item\"><a href=\"https:\/\/tfk-berlin.de\/?attachment_id=2282\" target=\"_blank\"><img decoding=\"async\" alt=\"\" width=\"211\" height=\"300\" loading=\"lazy\" src=\"https:\/\/tfk-berlin.de\/neu\/wp-content\/uploads\/2021\/09\/Die-Kleider-14-211x300.jpg\" srcset=\"https:\/\/tfk-berlin.de\/neu\/wp-content\/uploads\/2021\/09\/Die-Kleider-14-211x300.jpg 211w,https:\/\/tfk-berlin.de\/neu\/wp-content\/uploads\/2021\/09\/Die-Kleider-14.jpg 600w\" sizes=\"auto, 250px\"\/><\/a><\/div><div class=\"sgb-item\"><a href=\"https:\/\/tfk-berlin.de\/?attachment_id=2283\" target=\"_blank\"><img decoding=\"async\" alt=\"\" width=\"211\" height=\"300\" loading=\"lazy\" src=\"https:\/\/tfk-berlin.de\/neu\/wp-content\/uploads\/2021\/09\/Die-Kleider-15-211x300.jpg\" srcset=\"https:\/\/tfk-berlin.de\/neu\/wp-content\/uploads\/2021\/09\/Die-Kleider-15-211x300.jpg 211w,https:\/\/tfk-berlin.de\/neu\/wp-content\/uploads\/2021\/09\/Die-Kleider-15.jpg 600w\" sizes=\"auto, 250px\"\/><\/a><\/div><div class=\"sgb-item\"><a href=\"https:\/\/tfk-berlin.de\/?attachment_id=2284\" target=\"_blank\"><img decoding=\"async\" alt=\"\" width=\"300\" height=\"209\" loading=\"lazy\" src=\"https:\/\/tfk-berlin.de\/neu\/wp-content\/uploads\/2021\/09\/Die-Kleider-16-300x209.jpg\" srcset=\"https:\/\/tfk-berlin.de\/neu\/wp-content\/uploads\/2021\/09\/Die-Kleider-16-300x209.jpg 300w,https:\/\/tfk-berlin.de\/neu\/wp-content\/uploads\/2021\/09\/Die-Kleider-16-1024x713.jpg 1024w,https:\/\/tfk-berlin.de\/neu\/wp-content\/uploads\/2021\/09\/Die-Kleider-16.jpg 1200w\" sizes=\"auto, 250px\"\/><\/a><\/div><div class=\"sgb-item\"><a href=\"https:\/\/tfk-berlin.de\/?attachment_id=2285\" target=\"_blank\"><img decoding=\"async\" alt=\"\" width=\"212\" height=\"300\" loading=\"lazy\" src=\"https:\/\/tfk-berlin.de\/neu\/wp-content\/uploads\/2021\/09\/Die-Kleider-17-212x300.jpg\" srcset=\"https:\/\/tfk-berlin.de\/neu\/wp-content\/uploads\/2021\/09\/Die-Kleider-17-212x300.jpg 212w,https:\/\/tfk-berlin.de\/neu\/wp-content\/uploads\/2021\/09\/Die-Kleider-17.jpg 600w\" sizes=\"auto, 250px\"\/><\/a><\/div><div class=\"sgb-item\"><a href=\"https:\/\/tfk-berlin.de\/?attachment_id=2286\" target=\"_blank\"><img decoding=\"async\" alt=\"\" width=\"300\" height=\"209\" loading=\"lazy\" src=\"https:\/\/tfk-berlin.de\/neu\/wp-content\/uploads\/2021\/09\/Die-Kleider-18-300x209.jpg\" srcset=\"https:\/\/tfk-berlin.de\/neu\/wp-content\/uploads\/2021\/09\/Die-Kleider-18-300x209.jpg 300w,https:\/\/tfk-berlin.de\/neu\/wp-content\/uploads\/2021\/09\/Die-Kleider-18-1024x714.jpg 1024w,https:\/\/tfk-berlin.de\/neu\/wp-content\/uploads\/2021\/09\/Die-Kleider-18.jpg 1200w\" sizes=\"auto, 250px\"\/><\/a><\/div><div class=\"sgb-item\"><a href=\"https:\/\/tfk-berlin.de\/?attachment_id=2287\" target=\"_blank\"><img decoding=\"async\" alt=\"\" width=\"300\" height=\"209\" loading=\"lazy\" src=\"https:\/\/tfk-berlin.de\/neu\/wp-content\/uploads\/2021\/09\/Die-Kleider-19-300x209.jpg\" srcset=\"https:\/\/tfk-berlin.de\/neu\/wp-content\/uploads\/2021\/09\/Die-Kleider-19-300x209.jpg 300w,https:\/\/tfk-berlin.de\/neu\/wp-content\/uploads\/2021\/09\/Die-Kleider-19-1024x714.jpg 1024w,https:\/\/tfk-berlin.de\/neu\/wp-content\/uploads\/2021\/09\/Die-Kleider-19.jpg 1200w\" sizes=\"auto, 250px\"\/><\/a><\/div><div class=\"sgb-item\"><a href=\"https:\/\/tfk-berlin.de\/?attachment_id=2288\" target=\"_blank\"><img decoding=\"async\" alt=\"\" width=\"212\" height=\"300\" loading=\"lazy\" src=\"https:\/\/tfk-berlin.de\/neu\/wp-content\/uploads\/2021\/09\/Die-Kleider-20-212x300.jpg\" srcset=\"https:\/\/tfk-berlin.de\/neu\/wp-content\/uploads\/2021\/09\/Die-Kleider-20-212x300.jpg 212w,https:\/\/tfk-berlin.de\/neu\/wp-content\/uploads\/2021\/09\/Die-Kleider-20.jpg 600w\" sizes=\"auto, 250px\"\/><\/a><\/div><div class=\"sgb-item\"><a href=\"https:\/\/tfk-berlin.de\/?attachment_id=2289\" target=\"_blank\"><img decoding=\"async\" alt=\"\" width=\"212\" height=\"300\" loading=\"lazy\" src=\"https:\/\/tfk-berlin.de\/neu\/wp-content\/uploads\/2021\/09\/Die-Kleider-21-212x300.jpg\" srcset=\"https:\/\/tfk-berlin.de\/neu\/wp-content\/uploads\/2021\/09\/Die-Kleider-21-212x300.jpg 212w,https:\/\/tfk-berlin.de\/neu\/wp-content\/uploads\/2021\/09\/Die-Kleider-21.jpg 600w\" sizes=\"auto, 250px\"\/><\/a><\/div><div class=\"sgb-item\"><a href=\"https:\/\/tfk-berlin.de\/?attachment_id=2290\" target=\"_blank\"><img decoding=\"async\" alt=\"\" width=\"300\" height=\"209\" loading=\"lazy\" src=\"https:\/\/tfk-berlin.de\/neu\/wp-content\/uploads\/2021\/09\/Die-Kleider-22-300x209.jpg\" srcset=\"https:\/\/tfk-berlin.de\/neu\/wp-content\/uploads\/2021\/09\/Die-Kleider-22-300x209.jpg 300w,https:\/\/tfk-berlin.de\/neu\/wp-content\/uploads\/2021\/09\/Die-Kleider-22-1024x714.jpg 1024w,https:\/\/tfk-berlin.de\/neu\/wp-content\/uploads\/2021\/09\/Die-Kleider-22.jpg 1200w\" sizes=\"auto, 250px\"\/><\/a><\/div><div class=\"sgb-item\"><a href=\"https:\/\/tfk-berlin.de\/?attachment_id=2291\" target=\"_blank\"><img decoding=\"async\" alt=\"\" width=\"212\" height=\"300\" loading=\"lazy\" src=\"https:\/\/tfk-berlin.de\/neu\/wp-content\/uploads\/2021\/09\/Die-Kleider-23-212x300.jpg\" srcset=\"https:\/\/tfk-berlin.de\/neu\/wp-content\/uploads\/2021\/09\/Die-Kleider-23-212x300.jpg 212w,https:\/\/tfk-berlin.de\/neu\/wp-content\/uploads\/2021\/09\/Die-Kleider-23.jpg 600w\" sizes=\"auto, 250px\"\/><\/a><\/div><div class=\"sgb-item\"><a href=\"https:\/\/tfk-berlin.de\/?attachment_id=2292\" target=\"_blank\"><img decoding=\"async\" alt=\"\" width=\"212\" height=\"300\" loading=\"lazy\" src=\"https:\/\/tfk-berlin.de\/neu\/wp-content\/uploads\/2021\/09\/Die-Kleider-24-212x300.jpg\" srcset=\"https:\/\/tfk-berlin.de\/neu\/wp-content\/uploads\/2021\/09\/Die-Kleider-24-212x300.jpg 212w,https:\/\/tfk-berlin.de\/neu\/wp-content\/uploads\/2021\/09\/Die-Kleider-24.jpg 600w\" sizes=\"auto, 250px\"\/><\/a><\/div><div class=\"sgb-item\"><a href=\"https:\/\/tfk-berlin.de\/?attachment_id=2293\" target=\"_blank\"><img decoding=\"async\" alt=\"\" width=\"212\" height=\"300\" loading=\"lazy\" src=\"https:\/\/tfk-berlin.de\/neu\/wp-content\/uploads\/2021\/09\/Die-Kleider-25-212x300.jpg\" srcset=\"https:\/\/tfk-berlin.de\/neu\/wp-content\/uploads\/2021\/09\/Die-Kleider-25-212x300.jpg 212w,https:\/\/tfk-berlin.de\/neu\/wp-content\/uploads\/2021\/09\/Die-Kleider-25.jpg 600w\" sizes=\"auto, 250px\"\/><\/a><\/div><div class=\"sgb-item\"><a href=\"https:\/\/tfk-berlin.de\/?attachment_id=2294\" target=\"_blank\"><img decoding=\"async\" alt=\"\" width=\"300\" height=\"209\" loading=\"lazy\" src=\"https:\/\/tfk-berlin.de\/neu\/wp-content\/uploads\/2021\/09\/Die-Kleider-26-300x209.jpg\" srcset=\"https:\/\/tfk-berlin.de\/neu\/wp-content\/uploads\/2021\/09\/Die-Kleider-26-300x209.jpg 300w,https:\/\/tfk-berlin.de\/neu\/wp-content\/uploads\/2021\/09\/Die-Kleider-26-1024x714.jpg 1024w,https:\/\/tfk-berlin.de\/neu\/wp-content\/uploads\/2021\/09\/Die-Kleider-26.jpg 1200w\" sizes=\"auto, 250px\"\/><\/a><\/div><div class=\"sgb-item\"><a href=\"https:\/\/tfk-berlin.de\/?attachment_id=2295\" target=\"_blank\"><img decoding=\"async\" alt=\"\" width=\"210\" height=\"300\" loading=\"lazy\" src=\"https:\/\/tfk-berlin.de\/neu\/wp-content\/uploads\/2021\/09\/Die-Kleider-27-210x300.jpg\" srcset=\"https:\/\/tfk-berlin.de\/neu\/wp-content\/uploads\/2021\/09\/Die-Kleider-27-210x300.jpg 210w,https:\/\/tfk-berlin.de\/neu\/wp-content\/uploads\/2021\/09\/Die-Kleider-27.jpg 600w\" sizes=\"auto, 250px\"\/><\/a><\/div><div class=\"sgb-item\"><a href=\"https:\/\/tfk-berlin.de\/?attachment_id=2296\" target=\"_blank\"><img decoding=\"async\" alt=\"\" width=\"210\" height=\"300\" loading=\"lazy\" src=\"https:\/\/tfk-berlin.de\/neu\/wp-content\/uploads\/2021\/09\/Die-Kleider-28-210x300.jpg\" srcset=\"https:\/\/tfk-berlin.de\/neu\/wp-content\/uploads\/2021\/09\/Die-Kleider-28-210x300.jpg 210w,https:\/\/tfk-berlin.de\/neu\/wp-content\/uploads\/2021\/09\/Die-Kleider-28.jpg 600w\" sizes=\"auto, 250px\"\/><\/a><\/div><div class=\"sgb-item\"><a href=\"https:\/\/tfk-berlin.de\/?attachment_id=2297\" target=\"_blank\"><img decoding=\"async\" alt=\"\" width=\"210\" height=\"300\" loading=\"lazy\" src=\"https:\/\/tfk-berlin.de\/neu\/wp-content\/uploads\/2021\/09\/Die-Kleider-29-210x300.jpg\" srcset=\"https:\/\/tfk-berlin.de\/neu\/wp-content\/uploads\/2021\/09\/Die-Kleider-29-210x300.jpg 210w,https:\/\/tfk-berlin.de\/neu\/wp-content\/uploads\/2021\/09\/Die-Kleider-29.jpg 600w\" sizes=\"auto, 250px\"\/><\/a><\/div><\/div><\/noscript><\/div><script type=\"application\/json\" class=\"sgb-data\">{\"sliderAdminWidth\":910,\"galleryType\":\"pgc_sgb_slider\",\"galleryId\":\"f0582009\",\"images\":[{\"id\":2269,\"title\":\"Die Kleider 01\",\"url\":\"https:\/\/tfk-berlin.de\/neu\/wp-content\/uploads\/2021\/09\/Die-Kleider-01.jpg\",\"link\":\"https:\/\/tfk-berlin.de\/?attachment_id=2269\",\"alt\":\"\",\"description\":\"\",\"caption\":\"\",\"mime\":\"image\/jpeg\",\"type\":\"image\",\"width\":1200,\"height\":826,\"sizes\":{\"thumbnail\":{\"height\":150,\"width\":150,\"url\":\"https:\/\/tfk-berlin.de\/neu\/wp-content\/uploads\/2021\/09\/Die-Kleider-01-150x150.jpg\",\"orientation\":\"landscape\"},\"medium\":{\"height\":207,\"width\":300,\"url\":\"https:\/\/tfk-berlin.de\/neu\/wp-content\/uploads\/2021\/09\/Die-Kleider-01-300x207.jpg\",\"orientation\":\"landscape\"},\"large\":{\"height\":705,\"width\":1024,\"url\":\"https:\/\/tfk-berlin.de\/neu\/wp-content\/uploads\/2021\/09\/Die-Kleider-01-1024x705.jpg\",\"orientation\":\"landscape\"},\"full\":{\"url\":\"https:\/\/tfk-berlin.de\/neu\/wp-content\/uploads\/2021\/09\/Die-Kleider-01.jpg\",\"height\":826,\"width\":1200,\"orientation\":\"landscape\"}},\"meta\":false,\"postlink\":\"https:\/\/tfk-berlin.de\/?attachment_id=2269\"},{\"id\":2270,\"title\":\"Die Kleider 02\",\"url\":\"https:\/\/tfk-berlin.de\/neu\/wp-content\/uploads\/2021\/09\/Die-Kleider-02.jpg\",\"link\":\"https:\/\/tfk-berlin.de\/?attachment_id=2270\",\"alt\":\"\",\"description\":\"\",\"caption\":\"\",\"mime\":\"image\/jpeg\",\"type\":\"image\",\"width\":1200,\"height\":826,\"sizes\":{\"thumbnail\":{\"height\":150,\"width\":150,\"url\":\"https:\/\/tfk-berlin.de\/neu\/wp-content\/uploads\/2021\/09\/Die-Kleider-02-150x150.jpg\",\"orientation\":\"landscape\"},\"medium\":{\"height\":207,\"width\":300,\"url\":\"https:\/\/tfk-berlin.de\/neu\/wp-content\/uploads\/2021\/09\/Die-Kleider-02-300x207.jpg\",\"orientation\":\"landscape\"},\"large\":{\"height\":705,\"width\":1024,\"url\":\"https:\/\/tfk-berlin.de\/neu\/wp-content\/uploads\/2021\/09\/Die-Kleider-02-1024x705.jpg\",\"orientation\":\"landscape\"},\"full\":{\"url\":\"https:\/\/tfk-berlin.de\/neu\/wp-content\/uploads\/2021\/09\/Die-Kleider-02.jpg\",\"height\":826,\"width\":1200,\"orientation\":\"landscape\"}},\"meta\":false,\"postlink\":\"https:\/\/tfk-berlin.de\/?attachment_id=2270\"},{\"id\":2271,\"title\":\"Die Kleider 03\",\"url\":\"https:\/\/tfk-berlin.de\/neu\/wp-content\/uploads\/2021\/09\/Die-Kleider-03.jpg\",\"link\":\"https:\/\/tfk-berlin.de\/?attachment_id=2271\",\"alt\":\"\",\"description\":\"\",\"caption\":\"\",\"mime\":\"image\/jpeg\",\"type\":\"image\",\"width\":1200,\"height\":826,\"sizes\":{\"thumbnail\":{\"height\":150,\"width\":150,\"url\":\"https:\/\/tfk-berlin.de\/neu\/wp-content\/uploads\/2021\/09\/Die-Kleider-03-150x150.jpg\",\"orientation\":\"landscape\"},\"medium\":{\"height\":207,\"width\":300,\"url\":\"https:\/\/tfk-berlin.de\/neu\/wp-content\/uploads\/2021\/09\/Die-Kleider-03-300x207.jpg\",\"orientation\":\"landscape\"},\"large\":{\"height\":705,\"width\":1024,\"url\":\"https:\/\/tfk-berlin.de\/neu\/wp-content\/uploads\/2021\/09\/Die-Kleider-03-1024x705.jpg\",\"orientation\":\"landscape\"},\"full\":{\"url\":\"https:\/\/tfk-berlin.de\/neu\/wp-content\/uploads\/2021\/09\/Die-Kleider-03.jpg\",\"height\":826,\"width\":1200,\"orientation\":\"landscape\"}},\"meta\":false,\"postlink\":\"https:\/\/tfk-berlin.de\/?attachment_id=2271\"},{\"id\":2272,\"title\":\"Die Kleider 04\",\"url\":\"https:\/\/tfk-berlin.de\/neu\/wp-content\/uploads\/2021\/09\/Die-Kleider-04.jpg\",\"link\":\"https:\/\/tfk-berlin.de\/?attachment_id=2272\",\"alt\":\"\",\"description\":\"\",\"caption\":\"\",\"mime\":\"image\/jpeg\",\"type\":\"image\",\"width\":1200,\"height\":826,\"sizes\":{\"thumbnail\":{\"height\":150,\"width\":150,\"url\":\"https:\/\/tfk-berlin.de\/neu\/wp-content\/uploads\/2021\/09\/Die-Kleider-04-150x150.jpg\",\"orientation\":\"landscape\"},\"medium\":{\"height\":207,\"width\":300,\"url\":\"https:\/\/tfk-berlin.de\/neu\/wp-content\/uploads\/2021\/09\/Die-Kleider-04-300x207.jpg\",\"orientation\":\"landscape\"},\"large\":{\"height\":705,\"width\":1024,\"url\":\"https:\/\/tfk-berlin.de\/neu\/wp-content\/uploads\/2021\/09\/Die-Kleider-04-1024x705.jpg\",\"orientation\":\"landscape\"},\"full\":{\"url\":\"https:\/\/tfk-berlin.de\/neu\/wp-content\/uploads\/2021\/09\/Die-Kleider-04.jpg\",\"height\":826,\"width\":1200,\"orientation\":\"landscape\"}},\"meta\":false,\"postlink\":\"https:\/\/tfk-berlin.de\/?attachment_id=2272\"},{\"id\":2273,\"title\":\"Die Kleider 05\",\"url\":\"https:\/\/tfk-berlin.de\/neu\/wp-content\/uploads\/2021\/09\/Die-Kleider-05.jpg\",\"link\":\"https:\/\/tfk-berlin.de\/?attachment_id=2273\",\"alt\":\"\",\"description\":\"\",\"caption\":\"\",\"mime\":\"image\/jpeg\",\"type\":\"image\",\"width\":600,\"height\":855,\"sizes\":{\"thumbnail\":{\"height\":150,\"width\":150,\"url\":\"https:\/\/tfk-berlin.de\/neu\/wp-content\/uploads\/2021\/09\/Die-Kleider-05-150x150.jpg\",\"orientation\":\"landscape\"},\"medium\":{\"height\":300,\"width\":211,\"url\":\"https:\/\/tfk-berlin.de\/neu\/wp-content\/uploads\/2021\/09\/Die-Kleider-05-211x300.jpg\",\"orientation\":\"portrait\"},\"full\":{\"url\":\"https:\/\/tfk-berlin.de\/neu\/wp-content\/uploads\/2021\/09\/Die-Kleider-05.jpg\",\"height\":855,\"width\":600,\"orientation\":\"portrait\"}},\"meta\":false,\"postlink\":\"https:\/\/tfk-berlin.de\/?attachment_id=2273\"},{\"id\":2274,\"title\":\"Die Kleider 06\",\"url\":\"https:\/\/tfk-berlin.de\/neu\/wp-content\/uploads\/2021\/09\/Die-Kleider-06.jpg\",\"link\":\"https:\/\/tfk-berlin.de\/?attachment_id=2274\",\"alt\":\"\",\"description\":\"\",\"caption\":\"\",\"mime\":\"image\/jpeg\",\"type\":\"image\",\"width\":600,\"height\":855,\"sizes\":{\"thumbnail\":{\"height\":150,\"width\":150,\"url\":\"https:\/\/tfk-berlin.de\/neu\/wp-content\/uploads\/2021\/09\/Die-Kleider-06-150x150.jpg\",\"orientation\":\"landscape\"},\"medium\":{\"height\":300,\"width\":211,\"url\":\"https:\/\/tfk-berlin.de\/neu\/wp-content\/uploads\/2021\/09\/Die-Kleider-06-211x300.jpg\",\"orientation\":\"portrait\"},\"full\":{\"url\":\"https:\/\/tfk-berlin.de\/neu\/wp-content\/uploads\/2021\/09\/Die-Kleider-06.jpg\",\"height\":855,\"width\":600,\"orientation\":\"portrait\"}},\"meta\":false,\"postlink\":\"https:\/\/tfk-berlin.de\/?attachment_id=2274\"},{\"id\":2275,\"title\":\"Die Kleider 07\",\"url\":\"https:\/\/tfk-berlin.de\/neu\/wp-content\/uploads\/2021\/09\/Die-Kleider-07.jpg\",\"link\":\"https:\/\/tfk-berlin.de\/?attachment_id=2275\",\"alt\":\"\",\"description\":\"\",\"caption\":\"\",\"mime\":\"image\/jpeg\",\"type\":\"image\",\"width\":600,\"height\":855,\"sizes\":{\"thumbnail\":{\"height\":150,\"width\":150,\"url\":\"https:\/\/tfk-berlin.de\/neu\/wp-content\/uploads\/2021\/09\/Die-Kleider-07-150x150.jpg\",\"orientation\":\"landscape\"},\"medium\":{\"height\":300,\"width\":211,\"url\":\"https:\/\/tfk-berlin.de\/neu\/wp-content\/uploads\/2021\/09\/Die-Kleider-07-211x300.jpg\",\"orientation\":\"portrait\"},\"full\":{\"url\":\"https:\/\/tfk-berlin.de\/neu\/wp-content\/uploads\/2021\/09\/Die-Kleider-07.jpg\",\"height\":855,\"width\":600,\"orientation\":\"portrait\"}},\"meta\":false,\"postlink\":\"https:\/\/tfk-berlin.de\/?attachment_id=2275\"},{\"id\":2276,\"title\":\"Die Kleider 08\",\"url\":\"https:\/\/tfk-berlin.de\/neu\/wp-content\/uploads\/2021\/09\/Die-Kleider-08.jpg\",\"link\":\"https:\/\/tfk-berlin.de\/?attachment_id=2276\",\"alt\":\"\",\"description\":\"\",\"caption\":\"\",\"mime\":\"image\/jpeg\",\"type\":\"image\",\"width\":600,\"height\":855,\"sizes\":{\"thumbnail\":{\"height\":150,\"width\":150,\"url\":\"https:\/\/tfk-berlin.de\/neu\/wp-content\/uploads\/2021\/09\/Die-Kleider-08-150x150.jpg\",\"orientation\":\"landscape\"},\"medium\":{\"height\":300,\"width\":211,\"url\":\"https:\/\/tfk-berlin.de\/neu\/wp-content\/uploads\/2021\/09\/Die-Kleider-08-211x300.jpg\",\"orientation\":\"portrait\"},\"full\":{\"url\":\"https:\/\/tfk-berlin.de\/neu\/wp-content\/uploads\/2021\/09\/Die-Kleider-08.jpg\",\"height\":855,\"width\":600,\"orientation\":\"portrait\"}},\"meta\":false,\"postlink\":\"https:\/\/tfk-berlin.de\/?attachment_id=2276\"},{\"id\":2277,\"title\":\"Die Kleider 09\",\"url\":\"https:\/\/tfk-berlin.de\/neu\/wp-content\/uploads\/2021\/09\/Die-Kleider-09.jpg\",\"link\":\"https:\/\/tfk-berlin.de\/?attachment_id=2277\",\"alt\":\"\",\"description\":\"\",\"caption\":\"\",\"mime\":\"image\/jpeg\",\"type\":\"image\",\"width\":600,\"height\":855,\"sizes\":{\"thumbnail\":{\"height\":150,\"width\":150,\"url\":\"https:\/\/tfk-berlin.de\/neu\/wp-content\/uploads\/2021\/09\/Die-Kleider-09-150x150.jpg\",\"orientation\":\"landscape\"},\"medium\":{\"height\":300,\"width\":211,\"url\":\"https:\/\/tfk-berlin.de\/neu\/wp-content\/uploads\/2021\/09\/Die-Kleider-09-211x300.jpg\",\"orientation\":\"portrait\"},\"full\":{\"url\":\"https:\/\/tfk-berlin.de\/neu\/wp-content\/uploads\/2021\/09\/Die-Kleider-09.jpg\",\"height\":855,\"width\":600,\"orientation\":\"portrait\"}},\"meta\":false,\"postlink\":\"https:\/\/tfk-berlin.de\/?attachment_id=2277\"},{\"id\":2278,\"title\":\"Die Kleider 10\",\"url\":\"https:\/\/tfk-berlin.de\/neu\/wp-content\/uploads\/2021\/09\/Die-Kleider-10.jpg\",\"link\":\"https:\/\/tfk-berlin.de\/?attachment_id=2278\",\"alt\":\"\",\"description\":\"\",\"caption\":\"\",\"mime\":\"image\/jpeg\",\"type\":\"image\",\"width\":1200,\"height\":829,\"sizes\":{\"thumbnail\":{\"height\":150,\"width\":150,\"url\":\"https:\/\/tfk-berlin.de\/neu\/wp-content\/uploads\/2021\/09\/Die-Kleider-10-150x150.jpg\",\"orientation\":\"landscape\"},\"medium\":{\"height\":207,\"width\":300,\"url\":\"https:\/\/tfk-berlin.de\/neu\/wp-content\/uploads\/2021\/09\/Die-Kleider-10-300x207.jpg\",\"orientation\":\"landscape\"},\"large\":{\"height\":707,\"width\":1024,\"url\":\"https:\/\/tfk-berlin.de\/neu\/wp-content\/uploads\/2021\/09\/Die-Kleider-10-1024x707.jpg\",\"orientation\":\"landscape\"},\"full\":{\"url\":\"https:\/\/tfk-berlin.de\/neu\/wp-content\/uploads\/2021\/09\/Die-Kleider-10.jpg\",\"height\":829,\"width\":1200,\"orientation\":\"landscape\"}},\"meta\":false,\"postlink\":\"https:\/\/tfk-berlin.de\/?attachment_id=2278\"},{\"id\":2279,\"title\":\"Die Kleider 11\",\"url\":\"https:\/\/tfk-berlin.de\/neu\/wp-content\/uploads\/2021\/09\/Die-Kleider-11.jpg\",\"link\":\"https:\/\/tfk-berlin.de\/?attachment_id=2279\",\"alt\":\"\",\"description\":\"\",\"caption\":\"\",\"mime\":\"image\/jpeg\",\"type\":\"image\",\"width\":1200,\"height\":829,\"sizes\":{\"thumbnail\":{\"height\":150,\"width\":150,\"url\":\"https:\/\/tfk-berlin.de\/neu\/wp-content\/uploads\/2021\/09\/Die-Kleider-11-150x150.jpg\",\"orientation\":\"landscape\"},\"medium\":{\"height\":207,\"width\":300,\"url\":\"https:\/\/tfk-berlin.de\/neu\/wp-content\/uploads\/2021\/09\/Die-Kleider-11-300x207.jpg\",\"orientation\":\"landscape\"},\"large\":{\"height\":707,\"width\":1024,\"url\":\"https:\/\/tfk-berlin.de\/neu\/wp-content\/uploads\/2021\/09\/Die-Kleider-11-1024x707.jpg\",\"orientation\":\"landscape\"},\"full\":{\"url\":\"https:\/\/tfk-berlin.de\/neu\/wp-content\/uploads\/2021\/09\/Die-Kleider-11.jpg\",\"height\":829,\"width\":1200,\"orientation\":\"landscape\"}},\"meta\":false,\"postlink\":\"https:\/\/tfk-berlin.de\/?attachment_id=2279\"},{\"id\":2280,\"title\":\"Die Kleider 12\",\"url\":\"https:\/\/tfk-berlin.de\/neu\/wp-content\/uploads\/2021\/09\/Die-Kleider-12.jpg\",\"link\":\"https:\/\/tfk-berlin.de\/?attachment_id=2280\",\"alt\":\"\",\"description\":\"\",\"caption\":\"\",\"mime\":\"image\/jpeg\",\"type\":\"image\",\"width\":600,\"height\":855,\"sizes\":{\"thumbnail\":{\"height\":150,\"width\":150,\"url\":\"https:\/\/tfk-berlin.de\/neu\/wp-content\/uploads\/2021\/09\/Die-Kleider-12-150x150.jpg\",\"orientation\":\"landscape\"},\"medium\":{\"height\":300,\"width\":211,\"url\":\"https:\/\/tfk-berlin.de\/neu\/wp-content\/uploads\/2021\/09\/Die-Kleider-12-211x300.jpg\",\"orientation\":\"portrait\"},\"full\":{\"url\":\"https:\/\/tfk-berlin.de\/neu\/wp-content\/uploads\/2021\/09\/Die-Kleider-12.jpg\",\"height\":855,\"width\":600,\"orientation\":\"portrait\"}},\"meta\":false,\"postlink\":\"https:\/\/tfk-berlin.de\/?attachment_id=2280\"},{\"id\":2281,\"title\":\"Die Kleider 13\",\"url\":\"https:\/\/tfk-berlin.de\/neu\/wp-content\/uploads\/2021\/09\/Die-Kleider-13.jpg\",\"link\":\"https:\/\/tfk-berlin.de\/?attachment_id=2281\",\"alt\":\"\",\"description\":\"\",\"caption\":\"\",\"mime\":\"image\/jpeg\",\"type\":\"image\",\"width\":600,\"height\":855,\"sizes\":{\"thumbnail\":{\"height\":150,\"width\":150,\"url\":\"https:\/\/tfk-berlin.de\/neu\/wp-content\/uploads\/2021\/09\/Die-Kleider-13-150x150.jpg\",\"orientation\":\"landscape\"},\"medium\":{\"height\":300,\"width\":211,\"url\":\"https:\/\/tfk-berlin.de\/neu\/wp-content\/uploads\/2021\/09\/Die-Kleider-13-211x300.jpg\",\"orientation\":\"portrait\"},\"full\":{\"url\":\"https:\/\/tfk-berlin.de\/neu\/wp-content\/uploads\/2021\/09\/Die-Kleider-13.jpg\",\"height\":855,\"width\":600,\"orientation\":\"portrait\"}},\"meta\":false,\"postlink\":\"https:\/\/tfk-berlin.de\/?attachment_id=2281\"},{\"id\":2282,\"title\":\"Die Kleider 14\",\"url\":\"https:\/\/tfk-berlin.de\/neu\/wp-content\/uploads\/2021\/09\/Die-Kleider-14.jpg\",\"link\":\"https:\/\/tfk-berlin.de\/?attachment_id=2282\",\"alt\":\"\",\"description\":\"\",\"caption\":\"\",\"mime\":\"image\/jpeg\",\"type\":\"image\",\"width\":600,\"height\":855,\"sizes\":{\"thumbnail\":{\"height\":150,\"width\":150,\"url\":\"https:\/\/tfk-berlin.de\/neu\/wp-content\/uploads\/2021\/09\/Die-Kleider-14-150x150.jpg\",\"orientation\":\"landscape\"},\"medium\":{\"height\":300,\"width\":211,\"url\":\"https:\/\/tfk-berlin.de\/neu\/wp-content\/uploads\/2021\/09\/Die-Kleider-14-211x300.jpg\",\"orientation\":\"portrait\"},\"full\":{\"url\":\"https:\/\/tfk-berlin.de\/neu\/wp-content\/uploads\/2021\/09\/Die-Kleider-14.jpg\",\"height\":855,\"width\":600,\"orientation\":\"portrait\"}},\"meta\":false,\"postlink\":\"https:\/\/tfk-berlin.de\/?attachment_id=2282\"},{\"id\":2283,\"title\":\"Die Kleider 15\",\"url\":\"https:\/\/tfk-berlin.de\/neu\/wp-content\/uploads\/2021\/09\/Die-Kleider-15.jpg\",\"link\":\"https:\/\/tfk-berlin.de\/?attachment_id=2283\",\"alt\":\"\",\"description\":\"\",\"caption\":\"\",\"mime\":\"image\/jpeg\",\"type\":\"image\",\"width\":600,\"height\":855,\"sizes\":{\"thumbnail\":{\"height\":150,\"width\":150,\"url\":\"https:\/\/tfk-berlin.de\/neu\/wp-content\/uploads\/2021\/09\/Die-Kleider-15-150x150.jpg\",\"orientation\":\"landscape\"},\"medium\":{\"height\":300,\"width\":211,\"url\":\"https:\/\/tfk-berlin.de\/neu\/wp-content\/uploads\/2021\/09\/Die-Kleider-15-211x300.jpg\",\"orientation\":\"portrait\"},\"full\":{\"url\":\"https:\/\/tfk-berlin.de\/neu\/wp-content\/uploads\/2021\/09\/Die-Kleider-15.jpg\",\"height\":855,\"width\":600,\"orientation\":\"portrait\"}},\"meta\":false,\"postlink\":\"https:\/\/tfk-berlin.de\/?attachment_id=2283\"},{\"id\":2284,\"title\":\"Die Kleider 16\",\"url\":\"https:\/\/tfk-berlin.de\/neu\/wp-content\/uploads\/2021\/09\/Die-Kleider-16.jpg\",\"link\":\"https:\/\/tfk-berlin.de\/?attachment_id=2284\",\"alt\":\"\",\"description\":\"\",\"caption\":\"\",\"mime\":\"image\/jpeg\",\"type\":\"image\",\"width\":1200,\"height\":835,\"sizes\":{\"thumbnail\":{\"height\":150,\"width\":150,\"url\":\"https:\/\/tfk-berlin.de\/neu\/wp-content\/uploads\/2021\/09\/Die-Kleider-16-150x150.jpg\",\"orientation\":\"landscape\"},\"medium\":{\"height\":209,\"width\":300,\"url\":\"https:\/\/tfk-berlin.de\/neu\/wp-content\/uploads\/2021\/09\/Die-Kleider-16-300x209.jpg\",\"orientation\":\"landscape\"},\"large\":{\"height\":713,\"width\":1024,\"url\":\"https:\/\/tfk-berlin.de\/neu\/wp-content\/uploads\/2021\/09\/Die-Kleider-16-1024x713.jpg\",\"orientation\":\"landscape\"},\"full\":{\"url\":\"https:\/\/tfk-berlin.de\/neu\/wp-content\/uploads\/2021\/09\/Die-Kleider-16.jpg\",\"height\":835,\"width\":1200,\"orientation\":\"landscape\"}},\"meta\":false,\"postlink\":\"https:\/\/tfk-berlin.de\/?attachment_id=2284\"},{\"id\":2285,\"title\":\"Die Kleider 17\",\"url\":\"https:\/\/tfk-berlin.de\/neu\/wp-content\/uploads\/2021\/09\/Die-Kleider-17.jpg\",\"link\":\"https:\/\/tfk-berlin.de\/?attachment_id=2285\",\"alt\":\"\",\"description\":\"\",\"caption\":\"\",\"mime\":\"image\/jpeg\",\"type\":\"image\",\"width\":600,\"height\":849,\"sizes\":{\"thumbnail\":{\"height\":150,\"width\":150,\"url\":\"https:\/\/tfk-berlin.de\/neu\/wp-content\/uploads\/2021\/09\/Die-Kleider-17-150x150.jpg\",\"orientation\":\"landscape\"},\"medium\":{\"height\":300,\"width\":212,\"url\":\"https:\/\/tfk-berlin.de\/neu\/wp-content\/uploads\/2021\/09\/Die-Kleider-17-212x300.jpg\",\"orientation\":\"portrait\"},\"full\":{\"url\":\"https:\/\/tfk-berlin.de\/neu\/wp-content\/uploads\/2021\/09\/Die-Kleider-17.jpg\",\"height\":849,\"width\":600,\"orientation\":\"portrait\"}},\"meta\":false,\"postlink\":\"https:\/\/tfk-berlin.de\/?attachment_id=2285\"},{\"id\":2286,\"title\":\"Die Kleider 18\",\"url\":\"https:\/\/tfk-berlin.de\/neu\/wp-content\/uploads\/2021\/09\/Die-Kleider-18.jpg\",\"link\":\"https:\/\/tfk-berlin.de\/?attachment_id=2286\",\"alt\":\"\",\"description\":\"\",\"caption\":\"\",\"mime\":\"image\/jpeg\",\"type\":\"image\",\"width\":1200,\"height\":837,\"sizes\":{\"thumbnail\":{\"height\":150,\"width\":150,\"url\":\"https:\/\/tfk-berlin.de\/neu\/wp-content\/uploads\/2021\/09\/Die-Kleider-18-150x150.jpg\",\"orientation\":\"landscape\"},\"medium\":{\"height\":209,\"width\":300,\"url\":\"https:\/\/tfk-berlin.de\/neu\/wp-content\/uploads\/2021\/09\/Die-Kleider-18-300x209.jpg\",\"orientation\":\"landscape\"},\"large\":{\"height\":714,\"width\":1024,\"url\":\"https:\/\/tfk-berlin.de\/neu\/wp-content\/uploads\/2021\/09\/Die-Kleider-18-1024x714.jpg\",\"orientation\":\"landscape\"},\"full\":{\"url\":\"https:\/\/tfk-berlin.de\/neu\/wp-content\/uploads\/2021\/09\/Die-Kleider-18.jpg\",\"height\":837,\"width\":1200,\"orientation\":\"landscape\"}},\"meta\":false,\"postlink\":\"https:\/\/tfk-berlin.de\/?attachment_id=2286\"},{\"id\":2287,\"title\":\"Die Kleider 19\",\"url\":\"https:\/\/tfk-berlin.de\/neu\/wp-content\/uploads\/2021\/09\/Die-Kleider-19.jpg\",\"link\":\"https:\/\/tfk-berlin.de\/?attachment_id=2287\",\"alt\":\"\",\"description\":\"\",\"caption\":\"\",\"mime\":\"image\/jpeg\",\"type\":\"image\",\"width\":1200,\"height\":837,\"sizes\":{\"thumbnail\":{\"height\":150,\"width\":150,\"url\":\"https:\/\/tfk-berlin.de\/neu\/wp-content\/uploads\/2021\/09\/Die-Kleider-19-150x150.jpg\",\"orientation\":\"landscape\"},\"medium\":{\"height\":209,\"width\":300,\"url\":\"https:\/\/tfk-berlin.de\/neu\/wp-content\/uploads\/2021\/09\/Die-Kleider-19-300x209.jpg\",\"orientation\":\"landscape\"},\"large\":{\"height\":714,\"width\":1024,\"url\":\"https:\/\/tfk-berlin.de\/neu\/wp-content\/uploads\/2021\/09\/Die-Kleider-19-1024x714.jpg\",\"orientation\":\"landscape\"},\"full\":{\"url\":\"https:\/\/tfk-berlin.de\/neu\/wp-content\/uploads\/2021\/09\/Die-Kleider-19.jpg\",\"height\":837,\"width\":1200,\"orientation\":\"landscape\"}},\"meta\":false,\"postlink\":\"https:\/\/tfk-berlin.de\/?attachment_id=2287\"},{\"id\":2288,\"title\":\"Die Kleider 20\",\"url\":\"https:\/\/tfk-berlin.de\/neu\/wp-content\/uploads\/2021\/09\/Die-Kleider-20.jpg\",\"link\":\"https:\/\/tfk-berlin.de\/?attachment_id=2288\",\"alt\":\"\",\"description\":\"\",\"caption\":\"\",\"mime\":\"image\/jpeg\",\"type\":\"image\",\"width\":600,\"height\":851,\"sizes\":{\"thumbnail\":{\"height\":150,\"width\":150,\"url\":\"https:\/\/tfk-berlin.de\/neu\/wp-content\/uploads\/2021\/09\/Die-Kleider-20-150x150.jpg\",\"orientation\":\"landscape\"},\"medium\":{\"height\":300,\"width\":212,\"url\":\"https:\/\/tfk-berlin.de\/neu\/wp-content\/uploads\/2021\/09\/Die-Kleider-20-212x300.jpg\",\"orientation\":\"portrait\"},\"full\":{\"url\":\"https:\/\/tfk-berlin.de\/neu\/wp-content\/uploads\/2021\/09\/Die-Kleider-20.jpg\",\"height\":851,\"width\":600,\"orientation\":\"portrait\"}},\"meta\":false,\"postlink\":\"https:\/\/tfk-berlin.de\/?attachment_id=2288\"},{\"id\":2289,\"title\":\"Die Kleider 21\",\"url\":\"https:\/\/tfk-berlin.de\/neu\/wp-content\/uploads\/2021\/09\/Die-Kleider-21.jpg\",\"link\":\"https:\/\/tfk-berlin.de\/?attachment_id=2289\",\"alt\":\"\",\"description\":\"\",\"caption\":\"\",\"mime\":\"image\/jpeg\",\"type\":\"image\",\"width\":600,\"height\":851,\"sizes\":{\"thumbnail\":{\"height\":150,\"width\":150,\"url\":\"https:\/\/tfk-berlin.de\/neu\/wp-content\/uploads\/2021\/09\/Die-Kleider-21-150x150.jpg\",\"orientation\":\"landscape\"},\"medium\":{\"height\":300,\"width\":212,\"url\":\"https:\/\/tfk-berlin.de\/neu\/wp-content\/uploads\/2021\/09\/Die-Kleider-21-212x300.jpg\",\"orientation\":\"portrait\"},\"full\":{\"url\":\"https:\/\/tfk-berlin.de\/neu\/wp-content\/uploads\/2021\/09\/Die-Kleider-21.jpg\",\"height\":851,\"width\":600,\"orientation\":\"portrait\"}},\"meta\":false,\"postlink\":\"https:\/\/tfk-berlin.de\/?attachment_id=2289\"},{\"id\":2290,\"title\":\"Die Kleider 22\",\"url\":\"https:\/\/tfk-berlin.de\/neu\/wp-content\/uploads\/2021\/09\/Die-Kleider-22.jpg\",\"link\":\"https:\/\/tfk-berlin.de\/?attachment_id=2290\",\"alt\":\"\",\"description\":\"\",\"caption\":\"\",\"mime\":\"image\/jpeg\",\"type\":\"image\",\"width\":1200,\"height\":837,\"sizes\":{\"thumbnail\":{\"height\":150,\"width\":150,\"url\":\"https:\/\/tfk-berlin.de\/neu\/wp-content\/uploads\/2021\/09\/Die-Kleider-22-150x150.jpg\",\"orientation\":\"landscape\"},\"medium\":{\"height\":209,\"width\":300,\"url\":\"https:\/\/tfk-berlin.de\/neu\/wp-content\/uploads\/2021\/09\/Die-Kleider-22-300x209.jpg\",\"orientation\":\"landscape\"},\"large\":{\"height\":714,\"width\":1024,\"url\":\"https:\/\/tfk-berlin.de\/neu\/wp-content\/uploads\/2021\/09\/Die-Kleider-22-1024x714.jpg\",\"orientation\":\"landscape\"},\"full\":{\"url\":\"https:\/\/tfk-berlin.de\/neu\/wp-content\/uploads\/2021\/09\/Die-Kleider-22.jpg\",\"height\":837,\"width\":1200,\"orientation\":\"landscape\"}},\"meta\":false,\"postlink\":\"https:\/\/tfk-berlin.de\/?attachment_id=2290\"},{\"id\":2291,\"title\":\"Die Kleider 23\",\"url\":\"https:\/\/tfk-berlin.de\/neu\/wp-content\/uploads\/2021\/09\/Die-Kleider-23.jpg\",\"link\":\"https:\/\/tfk-berlin.de\/?attachment_id=2291\",\"alt\":\"\",\"description\":\"\",\"caption\":\"\",\"mime\":\"image\/jpeg\",\"type\":\"image\",\"width\":600,\"height\":851,\"sizes\":{\"thumbnail\":{\"height\":150,\"width\":150,\"url\":\"https:\/\/tfk-berlin.de\/neu\/wp-content\/uploads\/2021\/09\/Die-Kleider-23-150x150.jpg\",\"orientation\":\"landscape\"},\"medium\":{\"height\":300,\"width\":212,\"url\":\"https:\/\/tfk-berlin.de\/neu\/wp-content\/uploads\/2021\/09\/Die-Kleider-23-212x300.jpg\",\"orientation\":\"portrait\"},\"full\":{\"url\":\"https:\/\/tfk-berlin.de\/neu\/wp-content\/uploads\/2021\/09\/Die-Kleider-23.jpg\",\"height\":851,\"width\":600,\"orientation\":\"portrait\"}},\"meta\":false,\"postlink\":\"https:\/\/tfk-berlin.de\/?attachment_id=2291\"},{\"id\":2292,\"title\":\"Die Kleider 24\",\"url\":\"https:\/\/tfk-berlin.de\/neu\/wp-content\/uploads\/2021\/09\/Die-Kleider-24.jpg\",\"link\":\"https:\/\/tfk-berlin.de\/?attachment_id=2292\",\"alt\":\"\",\"description\":\"\",\"caption\":\"\",\"mime\":\"image\/jpeg\",\"type\":\"image\",\"width\":600,\"height\":851,\"sizes\":{\"thumbnail\":{\"height\":150,\"width\":150,\"url\":\"https:\/\/tfk-berlin.de\/neu\/wp-content\/uploads\/2021\/09\/Die-Kleider-24-150x150.jpg\",\"orientation\":\"landscape\"},\"medium\":{\"height\":300,\"width\":212,\"url\":\"https:\/\/tfk-berlin.de\/neu\/wp-content\/uploads\/2021\/09\/Die-Kleider-24-212x300.jpg\",\"orientation\":\"portrait\"},\"full\":{\"url\":\"https:\/\/tfk-berlin.de\/neu\/wp-content\/uploads\/2021\/09\/Die-Kleider-24.jpg\",\"height\":851,\"width\":600,\"orientation\":\"portrait\"}},\"meta\":false,\"postlink\":\"https:\/\/tfk-berlin.de\/?attachment_id=2292\"},{\"id\":2293,\"title\":\"Die Kleider 25\",\"url\":\"https:\/\/tfk-berlin.de\/neu\/wp-content\/uploads\/2021\/09\/Die-Kleider-25.jpg\",\"link\":\"https:\/\/tfk-berlin.de\/?attachment_id=2293\",\"alt\":\"\",\"description\":\"\",\"caption\":\"\",\"mime\":\"image\/jpeg\",\"type\":\"image\",\"width\":600,\"height\":851,\"sizes\":{\"thumbnail\":{\"height\":150,\"width\":150,\"url\":\"https:\/\/tfk-berlin.de\/neu\/wp-content\/uploads\/2021\/09\/Die-Kleider-25-150x150.jpg\",\"orientation\":\"landscape\"},\"medium\":{\"height\":300,\"width\":212,\"url\":\"https:\/\/tfk-berlin.de\/neu\/wp-content\/uploads\/2021\/09\/Die-Kleider-25-212x300.jpg\",\"orientation\":\"portrait\"},\"full\":{\"url\":\"https:\/\/tfk-berlin.de\/neu\/wp-content\/uploads\/2021\/09\/Die-Kleider-25.jpg\",\"height\":851,\"width\":600,\"orientation\":\"portrait\"}},\"meta\":false,\"postlink\":\"https:\/\/tfk-berlin.de\/?attachment_id=2293\"},{\"id\":2294,\"title\":\"Die Kleider 26\",\"url\":\"https:\/\/tfk-berlin.de\/neu\/wp-content\/uploads\/2021\/09\/Die-Kleider-26.jpg\",\"link\":\"https:\/\/tfk-berlin.de\/?attachment_id=2294\",\"alt\":\"\",\"description\":\"\",\"caption\":\"\",\"mime\":\"image\/jpeg\",\"type\":\"image\",\"width\":1200,\"height\":837,\"sizes\":{\"thumbnail\":{\"height\":150,\"width\":150,\"url\":\"https:\/\/tfk-berlin.de\/neu\/wp-content\/uploads\/2021\/09\/Die-Kleider-26-150x150.jpg\",\"orientation\":\"landscape\"},\"medium\":{\"height\":209,\"width\":300,\"url\":\"https:\/\/tfk-berlin.de\/neu\/wp-content\/uploads\/2021\/09\/Die-Kleider-26-300x209.jpg\",\"orientation\":\"landscape\"},\"large\":{\"height\":714,\"width\":1024,\"url\":\"https:\/\/tfk-berlin.de\/neu\/wp-content\/uploads\/2021\/09\/Die-Kleider-26-1024x714.jpg\",\"orientation\":\"landscape\"},\"full\":{\"url\":\"https:\/\/tfk-berlin.de\/neu\/wp-content\/uploads\/2021\/09\/Die-Kleider-26.jpg\",\"height\":837,\"width\":1200,\"orientation\":\"landscape\"}},\"meta\":false,\"postlink\":\"https:\/\/tfk-berlin.de\/?attachment_id=2294\"},{\"id\":2295,\"title\":\"Die Kleider 27\",\"url\":\"https:\/\/tfk-berlin.de\/neu\/wp-content\/uploads\/2021\/09\/Die-Kleider-27.jpg\",\"link\":\"https:\/\/tfk-berlin.de\/?attachment_id=2295\",\"alt\":\"\",\"description\":\"\",\"caption\":\"\",\"mime\":\"image\/jpeg\",\"type\":\"image\",\"width\":600,\"height\":857,\"sizes\":{\"thumbnail\":{\"height\":150,\"width\":150,\"url\":\"https:\/\/tfk-berlin.de\/neu\/wp-content\/uploads\/2021\/09\/Die-Kleider-27-150x150.jpg\",\"orientation\":\"landscape\"},\"medium\":{\"height\":300,\"width\":210,\"url\":\"https:\/\/tfk-berlin.de\/neu\/wp-content\/uploads\/2021\/09\/Die-Kleider-27-210x300.jpg\",\"orientation\":\"portrait\"},\"full\":{\"url\":\"https:\/\/tfk-berlin.de\/neu\/wp-content\/uploads\/2021\/09\/Die-Kleider-27.jpg\",\"height\":857,\"width\":600,\"orientation\":\"portrait\"}},\"meta\":false,\"postlink\":\"https:\/\/tfk-berlin.de\/?attachment_id=2295\"},{\"id\":2296,\"title\":\"Die Kleider 28\",\"url\":\"https:\/\/tfk-berlin.de\/neu\/wp-content\/uploads\/2021\/09\/Die-Kleider-28.jpg\",\"link\":\"https:\/\/tfk-berlin.de\/?attachment_id=2296\",\"alt\":\"\",\"description\":\"\",\"caption\":\"\",\"mime\":\"image\/jpeg\",\"type\":\"image\",\"width\":600,\"height\":857,\"sizes\":{\"thumbnail\":{\"height\":150,\"width\":150,\"url\":\"https:\/\/tfk-berlin.de\/neu\/wp-content\/uploads\/2021\/09\/Die-Kleider-28-150x150.jpg\",\"orientation\":\"landscape\"},\"medium\":{\"height\":300,\"width\":210,\"url\":\"https:\/\/tfk-berlin.de\/neu\/wp-content\/uploads\/2021\/09\/Die-Kleider-28-210x300.jpg\",\"orientation\":\"portrait\"},\"full\":{\"url\":\"https:\/\/tfk-berlin.de\/neu\/wp-content\/uploads\/2021\/09\/Die-Kleider-28.jpg\",\"height\":857,\"width\":600,\"orientation\":\"portrait\"}},\"meta\":false,\"postlink\":\"https:\/\/tfk-berlin.de\/?attachment_id=2296\"},{\"id\":2297,\"title\":\"Die Kleider 29\",\"url\":\"https:\/\/tfk-berlin.de\/neu\/wp-content\/uploads\/2021\/09\/Die-Kleider-29.jpg\",\"link\":\"https:\/\/tfk-berlin.de\/?attachment_id=2297\",\"alt\":\"\",\"description\":\"\",\"caption\":\"\",\"mime\":\"image\/jpeg\",\"type\":\"image\",\"width\":600,\"height\":857,\"sizes\":{\"thumbnail\":{\"height\":150,\"width\":150,\"url\":\"https:\/\/tfk-berlin.de\/neu\/wp-content\/uploads\/2021\/09\/Die-Kleider-29-150x150.jpg\",\"orientation\":\"landscape\"},\"medium\":{\"height\":300,\"width\":210,\"url\":\"https:\/\/tfk-berlin.de\/neu\/wp-content\/uploads\/2021\/09\/Die-Kleider-29-210x300.jpg\",\"orientation\":\"portrait\"},\"full\":{\"url\":\"https:\/\/tfk-berlin.de\/neu\/wp-content\/uploads\/2021\/09\/Die-Kleider-29.jpg\",\"height\":857,\"width\":600,\"orientation\":\"portrait\"}},\"meta\":false,\"postlink\":\"https:\/\/tfk-berlin.de\/?attachment_id=2297\"}],\"itemsMetaDataCollection\":[],\"galleryData\":\"{\\u0022copyRProtection\\u0022:false,\\u0022copyRAlert\\u0022:\\u0022Hello, this photo is mine!\\u0022,\\u0022sliderScrollNavi\\u0022:false,\\u0022sliderNextPrevAnimation\\u0022:\\u0022animation\\u0022,\\u0022galleryScrollPositionControll\\u0022:false,\\u0022sliderVideoAutoPlay\\u0022:false,\\u0022sliderVideoLoop\\u0022:false,\\u0022sliderItemCounterEnable\\u0022:true,\\u0022sliderCaptionSrc\\u0022:\\u0022caption\\u0022,\\u0022sliderItemTitleEnable\\u0022:false,\\u0022sliderItemTitleFontSize\\u0022:18,\\u0022sliderItemTitleTextColor\\u0022:\\u0022rgba(255,255,255,1)\\u0022,\\u0022itemCounterColor\\u0022:\\u0022rgba(255,255,255,1)\\u0022,\\u0022sliderThumbBarEnable\\u0022:true,\\u0022sliderThumbBarHoverColor\\u0022:\\u0022rgba(240,240,240,1)\\u0022,\\u0022sliderBgColor\\u0022:\\u0022rgba(0,0,0,0.8)\\u0022,\\u0022sliderPreloaderColor\\u0022:\\u0022rgba(240,240,240,1)\\u0022,\\u0022sliderHeaderFooterBgColor\\u0022:\\u0022rgba(0,0,0,0.4)\\u0022,\\u0022sliderNavigationColor\\u0022:\\u0022rgba(0,0,0,1)\\u0022,\\u0022sliderNavigationColorOver\\u0022:\\u0022rgba(255,255,255,1)\\u0022,\\u0022sliderNavigationIconColor\\u0022:\\u0022rgba(255,255,255,1)\\u0022,\\u0022sliderNavigationIconColorOver\\u0022:\\u0022rgba(0,0,0,1)\\u0022,\\u0022sliderSlideshow\\u0022:true,\\u0022sliderSlideshowDelay\\u0022:8,\\u0022slideshowIndicatorColor\\u0022:\\u0022rgba(255,255,255,1)\\u0022,\\u0022slideshowIndicatorColorBg\\u0022:\\u0022rgba(255,255,255,0.5)\\u0022,\\u0022sliderThumbSubMenuBackgroundColor\\u0022:\\u0022rgba(255,255,255,0)\\u0022,\\u0022sliderThumbSubMenuBackgroundColorOver\\u0022:\\u0022rgba(255,255,255,1)\\u0022,\\u0022sliderThumbSubMenuIconColor\\u0022:\\u0022rgba(255,255,255,1)\\u0022,\\u0022sliderThumbSubMenuIconHoverColor\\u0022:\\u0022rgba(0,0,0,1)\\u0022,\\u0022sliderSocialShareEnabled\\u0022:true,\\u0022sliderZoomEnable\\u0022:true,\\u0022sliderFullscreenEnabled\\u0022:true,\\u0022modaBgColor\\u0022:\\u0022rgba(0,0,0,0.8)\\u0022,\\u0022modalIconColor\\u0022:\\u0022rgba(255,255,255,1)\\u0022,\\u0022modalIconColorHover\\u0022:\\u0022rgba(255,255,255,0.8)\\u0022,\\u0022shareFacebook\\u0022:true,\\u0022shareTwitter\\u0022:true,\\u0022sharePinterest\\u0022:true,\\u0022sliderItemDownload\\u0022:true,\\u0022shareCopyLink\\u0022:true,\\u0022sharePost\\u0022:\\u0022sharelink\\u0022,\\u0022tagsFilter\\u0022:false,\\u0022tagCloudAll\\u0022:\\u0022All\\u0022,\\u0022tagCloudBgColor\\u0022:\\u0022rgba(153,153,153,1)\\u0022,\\u0022tagCloudBgColorOver\\u0022:\\u0022rgba(253,253,253,1)\\u0022,\\u0022tagCloudTextColor\\u0022:\\u0022rgba(253,253,253,1)\\u0022,\\u0022tagCloudTextColorOver\\u0022:\\u0022rgba(153,153,153,1)\\u0022,\\u0022tagCloudFontSize\\u0022:16,\\u0022deepLinking\\u0022:false,\\u0022useLightbox\\u0022:true,\\u0022thumbClickAction\\u0022:\\u0022useLightbox\\u0022,\\u0022numItemsDisplayed\\u0022:0,\\u0022lazyLoading\\u0022:true,\\u0022contentNoPadding\\u0022:false,\\u0022galleryPreloaderColor\\u0022:\\u0022rgba(230,230,230,1)\\u0022,\\u0022galleryBgColor\\u0022:\\u0022rgba(0,0,0,0)\\u0022,\\u0022galleryBorderRadius\\u0022:0,\\u0022customCSS\\u0022:\\u0022\\u0022,\\u0022collectionThumbRecomendedWidth\\u0022:200,\\u0022thumbSpacing\\u0022:5,\\u0022externalLink\\u0022:true,\\u0022externalLinkDefName\\u0022:\\u0022Read More\\u0022,\\u0022externalLinkTextColor\\u0022:\\u0022rgba(0,0,0,1)\\u0022,\\u0022externalLinkBgColor\\u0022:\\u0022rgba(255,255,255,1)\\u0022,\\u0022externalLinkFontSize\\u0022:18,\\u0022captions\\u0022:true,\\u0022captionSrc\\u0022:\\u0022caption\\u0022,\\u0022captionHAlign\\u0022:\\u0022top\\u0022,\\u0022collectionthumbHoverTitleFontSize\\u0022:18,\\u0022collectionthumbRoundedCorners\\u0022:0,\\u0022collectionthumbHoverTitleTextColor\\u0022:\\u0022rgba(255,255,255,1)\\u0022,\\u0022collectionthumbHoverTitleTextBgColor\\u0022:\\u0022rgba(0,0,0,0.8)\\u0022,\\u0022collectionthumbHoverBgColor\\u0022:\\u0022rgba(0,0,0,0.4)\\u0022,\\u0022collectionThumbSubMenuDownload\\u0022:true,\\u0022collectionThumbSubMenuShare\\u0022:true,\\u0022collectionThumbSubMenuBgColor\\u0022:\\u0022rgba(0,0,0,0.4)\\u0022,\\u0022collectionThumbSubMenuBgColorHover\\u0022:\\u0022rgba(255,255,255,1)\\u0022,\\u0022collectionThumbSubMenuIconColor\\u0022:\\u0022rgba(255,255,255,1)\\u0022,\\u0022collectionThumbSubMenuIconColorHover\\u0022:\\u0022rgba(0,0,0,1)\\u0022,\\u0022collectionthumbColorsFilter\\u0022:\\u0022none\\u0022,\\u0022sliderItemBgColor\\u0022:\\u0022rgba(0,0,0,0)\\u0022,\\u0022sliderItemBorderColor\\u0022:\\u0022rgba(255,255,255,1)\\u0022,\\u0022sliderItemBorderWidth\\u0022:0,\\u0022sliderItemFill\\u0022:\\u0022true\\u0022,\\u0022galleryType\\u0022:\\u0022pgc_sgb_slider\\u0022,\\u0022align\\u0022:\\u0022\\u0022,\\u0022galleryId\\u0022:\\u0022f0582009\\u0022,\\u0022tagsListCustomMode\\u0022:false,\\u0022initGalleryByFirstTag\\u0022:false,\\u0022deepLinkingForTag\\u0022:false,\\u0022galleryTagsList\\u0022:[],\\u0022useClobalSettings\\u0022:false,\\u0022orderBy\\u0022:\\u0022custom\\u0022,\\u0022sliderMaxHeight\\u0022:400,\\u0022sliderAdminWidth\\u0022:1256,\\u0022responsiveHeight\\u0022:false,\\u0022collectionColumns\\u0022:3,\\u0022sliderAnimation\\u0022:\\u0022animation\\u0022,\\u0022sliderNextPrevNavigation\\u0022:true,\\u0022sliderNextPrevBgColor\\u0022:\\u0022rgba(255,255,255,1)\\u0022,\\u0022sliderNextPrevBgColorHover\\u0022:\\u0022rgba(0,0,0,1)\\u0022,\\u0022sliderNextPrevIconColor\\u0022:\\u0022rgba(0,0,0,1)\\u0022,\\u0022sliderNextPrevIconColorHover\\u0022:\\u0022rgba(255,255,255,1)\\u0022,\\u0022sliderThumbsNavi\\u0022:true,\\u0022sliderThumbsNaviColor\\u0022:\\u0022rgba(255,255,255,1)\\u0022,\\u0022sliderDotNavi\\u0022:false,\\u0022sliderDotNaviBgColor\\u0022:\\u0022rgba(0,0,0,.4)\\u0022,\\u0022sliderDotNaviBgColorHover\\u0022:\\u0022rgba(255,255,255,1)\\u0022,\\u0022autoPlay\\u0022:false,\\u0022autoPlayDelay\\u0022:4,\\u0022autoPlayMouseStoper\\u0022:true,\\u0022skin\\u0022:\\u0022slider\\u0022}\"}<\/script><script>(function(){if(window.PGC_SGB && window.PGC_SGB.searcher){window.PGC_SGB.searcher.initBlocks()}})()<\/script><\/div>\n\n\n<p><\/p>\n\n\n\n<p><em>Rot, rot, rot sind alle meine Kleider,<br>rot, rot, rot ist alles was ich hab\u2019.<br>Drum lieb ich alles was rot ist,<br>weil mein Schatz ein Metzgermeister ist.<\/em><\/p>\n\n\n\n<p>In einem gro\u00dfen Dialog mit dem Publikum wird das Leben einer Schauspielerin an den Ereignissen dieses Jahrhunderts reflektiert. Das ist manchmal traurig, manchmal zum Weinen komisch und bekommt seine Kraft aus dem Stoff, der schon immer f\u00fcr gutes Theater unabdingbar war: aus einem bestechenden Text und der Lust des Menschen am Spiel.<\/p>\n\n\n\n<p>Eine Schauspielerin bereitet sich in ihrer Garderobe auf den abendlichen Auftritt vor. Das Kost\u00fcm wird angezogen, die Maske aufgelegt. Schicht f\u00fcr Schicht steigt die Frau in ihre Rolle, in der sie schlie\u00dflich hinaus auf die B\u00fchne treten wird. Mit jedem St\u00fcck, das sie anzieht, werden Erinnerungen wach. Und w\u00e4hrend die \u00e4u\u00dfere H\u00fclle immer kompletter erscheint, offenbart sich das Innere dieses Menschen als ein Chaos der Gef\u00fchle, bricht pers\u00f6nlicher Schmerz unter der Schminke hervor. Mit \u201eDie Kleider\u201c vom polnischen Schriftsteller Helmut Kajzar setzt das Theaterforum Kreuzberg seine Reihe zeitgen\u00f6ssischen Theaters fort. Kajzars St\u00fcck \u2013 ein komisches, dann wieder bitter-melancholisches Szenario \u00fcber Leben und Arbeit einer Schauspielerin \u2013 ist eine Liebeserkl\u00e4rung an diesen Beruf. Gleichzeitig zeigt es die Schwierigkeiten der Kommunikation miteinander: wann sind wir wahrhaftig, wann hinter einer Maske aus Lug und Trug verborgen?<\/p>\n\n\n\n<p><em>\u201eDie Schauspieler setzen oder malen auf ihre Gesichter Masken. Je enger die Maske aufliegt, desto n\u00e4her ist sie dem Leben des Schauspielers. Und so verm\u00f6gen wir die Grenze nicht zu erkennen, an der es dem Schauspieler weh tut.\u201c Helmut Kajzar<\/em><\/p>\n\n\n\n<p>Anemone Poland zeigt alle Facetten einer Figur, die sich im Spannungsfeld eines mal komischen, mal melancholisch-zynischen Szenarios bewegt. Ihre Lust am Spiel geht dabei eine \u00fcberaus fruchtbare Symbiose ein mit Kajzars Sicht seiner eigenen St\u00fccke als \u201eSpielvorlagen\u201c, bei denen die Schauspieler mit ihrer Darstellung und Interpretation zu \u201eMitautoren\u201c werden. Als junge Schauspielerin arbeitete sie in den Jahren 1978 und 1979 auf der internationalen Theaterwerkstatt Scheersberg mit Helmut Kajzar zum meta-t\u00e4glichen Theater.<\/p>\n\n\n\n<p>Helmut Kajzar (1941 &#8211; 1982)<br>Der Regisseur und Autor Helmut Kajzar inszenierte vorwiegend am Zeitgen\u00f6ssischen Theater Wroc\u0142aw (Breslau) und am Nationaltheater Warschau neben St\u00fccken von Sophokles, Shakespeare, Moli\u00e8re, Pirandello, Tschechow Wyspianski und vor allem R\u00f3zewicz, einem engen Freund, seine eigenen St\u00fccke: \u201eDer Star oder die Kleider\u201c, \u201eRitter Andreas\u201c, \u201eDer Kuhstall\u201c, \u201eVilla dei misteri\u201c, \u201eSelbstschutz\u201c.<br>Er arbeitete in England, Schweden und Deutschland, u.a. an Theatern in T\u00fcbingen, Osnabr\u00fcck, K\u00f6ln und auf der Internationalen Theaterwerkstatt Scheersberg. 1980 war er als Gast des Berliner K\u00fcnstlerprogramms des DAAD in Berlin.<\/p>\n\n\n\n<p>Als stiller und kritischer Gegenpol zu Grotowski sah Kajzar im Theater die bevorzugte Kommunikationsbasis \u201esouver\u00e4ner Individuen\u201c f\u00fcr neue Formen eines friedlichen Gesellschaftsspiels. Sein fr\u00fcher Tod war ein Schock f\u00fcr alle, die in ihm den Reformer des polnischen Theaters und Protagonisten eines Kulturmodells jenseits von Realsozialismus und Irrealkonsumismus nicht nur f\u00fcr Polen sahen.<\/p>\n\n\n\n<p>\u201eIch liebe alle Theatergeb\u00e4ude, alle Pl\u00e4tze, an denen Theater gemacht wird. Vom antiken Theater bis zur Show, zum Striptease. Ich schaue sie an wie der Landwirt seine Felder. Diese Lust zur Bebauung des Raums, zum Arrangieren, zur Vorbereitung des Platzes gleicht der Anbetung des gedeckten Tisches. An dem sich Schauspieler und Zuschauer, Zuschauer und Schauspieler treffen. Beide Seiten treffen sich am Tisch des Theaters.\u201c<\/p>\n\n\n\n<p>Eine Produktion des theaterforum kreuzberg<br>B\u00fchne: J\u00fcrgen Ruoff<br>Kost\u00fcme: Corinna Niesyto<br>Musikalische Beratung: Ulrich Roski<br>Fotografie: Jochen Melzian<\/p>\n\n\n\n<p>Premiere am 16. April 1999 am tfk<br>Premiere \u201eThe Star\u201c in englischer Sprache am 27.3.2000 am Barn Theatre Dartington, England<\/p>\n\n\n\n<figure class=\"wp-block-image size-large is-resized\"><img loading=\"lazy\" decoding=\"async\" src=\"https:\/\/tfk-berlin.de\/neu\/wp-content\/uploads\/2021\/09\/Flyer-1-835x1024.jpg\" alt=\"\" class=\"wp-image-2298\" width=\"513\" height=\"629\" srcset=\"https:\/\/tfk-berlin.de\/neu\/wp-content\/uploads\/2021\/09\/Flyer-1-835x1024.jpg 835w, https:\/\/tfk-berlin.de\/neu\/wp-content\/uploads\/2021\/09\/Flyer-1-245x300.jpg 245w, https:\/\/tfk-berlin.de\/neu\/wp-content\/uploads\/2021\/09\/Flyer-1-768x942.jpg 768w, https:\/\/tfk-berlin.de\/neu\/wp-content\/uploads\/2021\/09\/Flyer-1.jpg 1182w\" sizes=\"auto, (max-width: 513px) 100vw, 513px\" \/><\/figure>\n\n\n\n<figure class=\"wp-block-image size-large is-resized\"><img loading=\"lazy\" decoding=\"async\" src=\"https:\/\/tfk-berlin.de\/neu\/wp-content\/uploads\/2021\/09\/Helmut-Kajzar-725x1024.jpg\" alt=\"\" class=\"wp-image-2299\" width=\"485\" height=\"685\" srcset=\"https:\/\/tfk-berlin.de\/neu\/wp-content\/uploads\/2021\/09\/Helmut-Kajzar-725x1024.jpg 725w, https:\/\/tfk-berlin.de\/neu\/wp-content\/uploads\/2021\/09\/Helmut-Kajzar-212x300.jpg 212w, https:\/\/tfk-berlin.de\/neu\/wp-content\/uploads\/2021\/09\/Helmut-Kajzar-768x1085.jpg 768w, https:\/\/tfk-berlin.de\/neu\/wp-content\/uploads\/2021\/09\/Helmut-Kajzar-1088x1536.jpg 1088w, https:\/\/tfk-berlin.de\/neu\/wp-content\/uploads\/2021\/09\/Helmut-Kajzar.jpg 1232w\" sizes=\"auto, (max-width: 485px) 100vw, 485px\" \/><\/figure>\n\n\n\n<p><br>Pressestimmen:<\/p>\n\n\n\n<div class=\"wp-block-file\"><a id=\"wp-block-file--media-d7f69b13-22f5-4acc-bfd1-0f2bf41da78a\" href=\"https:\/\/tfk-berlin.de\/neu\/wp-content\/uploads\/2021\/09\/1-Der-Tagesspiegel.jpg\">Der Tagesspiegel<\/a><a href=\"https:\/\/tfk-berlin.de\/neu\/wp-content\/uploads\/2021\/09\/1-Der-Tagesspiegel.jpg\" class=\"wp-block-file__button wp-element-button\" download aria-describedby=\"wp-block-file--media-d7f69b13-22f5-4acc-bfd1-0f2bf41da78a\">Herunterladen<\/a><\/div>\n\n\n\n<div class=\"wp-block-file\"><a id=\"wp-block-file--media-2a23ead0-b9fa-4e76-92bc-e8215cd405c8\" href=\"https:\/\/tfk-berlin.de\/neu\/wp-content\/uploads\/2021\/09\/2-Die-Welt.jpg\">Die Welt<\/a><a href=\"https:\/\/tfk-berlin.de\/neu\/wp-content\/uploads\/2021\/09\/2-Die-Welt.jpg\" class=\"wp-block-file__button wp-element-button\" download aria-describedby=\"wp-block-file--media-2a23ead0-b9fa-4e76-92bc-e8215cd405c8\">Herunterladen<\/a><\/div>\n\n\n\n<div class=\"wp-block-file\"><a id=\"wp-block-file--media-5cc8aa2f-cb0e-48e3-8feb-00f1afce6036\" href=\"https:\/\/tfk-berlin.de\/neu\/wp-content\/uploads\/2021\/09\/3-Das-Goetheanum-scaled.jpg\">Das Goetheanum<\/a><a href=\"https:\/\/tfk-berlin.de\/neu\/wp-content\/uploads\/2021\/09\/3-Das-Goetheanum-scaled.jpg\" class=\"wp-block-file__button wp-element-button\" download aria-describedby=\"wp-block-file--media-5cc8aa2f-cb0e-48e3-8feb-00f1afce6036\">Herunterladen<\/a><\/div>\n\n\n\n<div class=\"wp-block-file\"><a id=\"wp-block-file--media-d7d99a08-30cb-4460-b15e-099ce138e1ec\" href=\"https:\/\/tfk-berlin.de\/neu\/wp-content\/uploads\/2021\/09\/4-Neues-Deutschland.jpg\">Neues Deutschland<\/a><a href=\"https:\/\/tfk-berlin.de\/neu\/wp-content\/uploads\/2021\/09\/4-Neues-Deutschland.jpg\" class=\"wp-block-file__button wp-element-button\" download aria-describedby=\"wp-block-file--media-d7d99a08-30cb-4460-b15e-099ce138e1ec\">Herunterladen<\/a><\/div>\n\n\n\n<div class=\"wp-block-file\"><a id=\"wp-block-file--media-1ae17e97-7033-485a-b7bf-c0c3afc3c547\" href=\"https:\/\/tfk-berlin.de\/neu\/wp-content\/uploads\/2021\/09\/5-Berliner-Morgenpost.jpg\">Berliner Morgenpost<\/a><a href=\"https:\/\/tfk-berlin.de\/neu\/wp-content\/uploads\/2021\/09\/5-Berliner-Morgenpost.jpg\" class=\"wp-block-file__button wp-element-button\" download aria-describedby=\"wp-block-file--media-1ae17e97-7033-485a-b7bf-c0c3afc3c547\">Herunterladen<\/a><\/div>\n\n\n\n<div class=\"wp-block-file\"><a id=\"wp-block-file--media-debc635b-b86a-4a6e-97c2-409e96a6cdfd\" href=\"https:\/\/tfk-berlin.de\/neu\/wp-content\/uploads\/2021\/09\/6-Berliner-Zeitung.jpg\">Berliner Zeitung<\/a><a href=\"https:\/\/tfk-berlin.de\/neu\/wp-content\/uploads\/2021\/09\/6-Berliner-Zeitung.jpg\" class=\"wp-block-file__button wp-element-button\" download aria-describedby=\"wp-block-file--media-debc635b-b86a-4a6e-97c2-409e96a6cdfd\">Herunterladen<\/a><\/div>\n\n\n\n<div class=\"wp-block-file\"><a id=\"wp-block-file--media-54a72877-2220-4cca-8819-d9b1ae217b25\" href=\"https:\/\/tfk-berlin.de\/neu\/wp-content\/uploads\/2021\/09\/7-Basler-Zeitung-scaled.jpg\">Basler Zeitung<\/a><a href=\"https:\/\/tfk-berlin.de\/neu\/wp-content\/uploads\/2021\/09\/7-Basler-Zeitung-scaled.jpg\" class=\"wp-block-file__button wp-element-button\" download aria-describedby=\"wp-block-file--media-54a72877-2220-4cca-8819-d9b1ae217b25\">Herunterladen<\/a><\/div>\n\n\n\n<p><a data-type=\"page\" data-id=\"12\" href=\"https:\/\/tfk-berlin.de\/neu\/?page_id=12\">Zu den St\u00fccken<\/a><\/p>\n","protected":false},"excerpt":{"rendered":"<p>von Helmut KajzarDeutsch von Peter Lachmann mit Anemone PolandBearbeitung und Regie: Barbara Focke Rot, rot, rot sind alle meine Kleider,rot, rot, rot ist alles was ich hab\u2019.Drum lieb ich alles was rot ist,weil mein Schatz ein Metzgermeister ist. In einem gro\u00dfen Dialog mit dem Publikum wird das Leben einer Schauspielerin an den Ereignissen dieses Jahrhunderts [&hellip;]<\/p>\n","protected":false},"author":1,"featured_media":0,"parent":0,"menu_order":0,"comment_status":"closed","ping_status":"closed","template":"","meta":{"site-sidebar-layout":"default","site-content-layout":"default","ast-site-content-layout":"default","site-content-style":"default","site-sidebar-style":"default","ast-global-header-display":"","ast-banner-title-visibility":"","ast-main-header-display":"","ast-hfb-above-header-display":"","ast-hfb-below-header-display":"","ast-hfb-mobile-header-display":"","site-post-title":"","ast-breadcrumbs-content":"","ast-featured-img":"","footer-sml-layout":"","ast-disable-related-posts":"","theme-transparent-header-meta":"default","adv-header-id-meta":"","stick-header-meta":"default","header-above-stick-meta":"","header-main-stick-meta":"","header-below-stick-meta":"","astra-migrate-meta-layouts":"default","ast-page-background-enabled":"default","ast-page-background-meta":{"desktop":{"background-color":"","background-image":"","background-repeat":"repeat","background-position":"center center","background-size":"auto","background-attachment":"scroll","background-type":"","background-media":"","overlay-type":"","overlay-color":"","overlay-opacity":"","overlay-gradient":""},"tablet":{"background-color":"","background-image":"","background-repeat":"repeat","background-position":"center center","background-size":"auto","background-attachment":"scroll","background-type":"","background-media":"","overlay-type":"","overlay-color":"","overlay-opacity":"","overlay-gradient":""},"mobile":{"background-color":"","background-image":"","background-repeat":"repeat","background-position":"center center","background-size":"auto","background-attachment":"scroll","background-type":"","background-media":"","overlay-type":"","overlay-color":"","overlay-opacity":"","overlay-gradient":""}},"ast-content-background-meta":{"desktop":{"background-color":"var(--ast-global-color-5)","background-image":"","background-repeat":"repeat","background-position":"center center","background-size":"auto","background-attachment":"scroll","background-type":"","background-media":"","overlay-type":"","overlay-color":"","overlay-opacity":"","overlay-gradient":""},"tablet":{"background-color":"var(--ast-global-color-5)","background-image":"","background-repeat":"repeat","background-position":"center center","background-size":"auto","background-attachment":"scroll","background-type":"","background-media":"","overlay-type":"","overlay-color":"","overlay-opacity":"","overlay-gradient":""},"mobile":{"background-color":"var(--ast-global-color-5)","background-image":"","background-repeat":"repeat","background-position":"center center","background-size":"auto","background-attachment":"scroll","background-type":"","background-media":"","overlay-type":"","overlay-color":"","overlay-opacity":"","overlay-gradient":""}},"pgc_sgb_lightbox_settings":"","footnotes":""},"class_list":["post-128","page","type-page","status-publish","hentry"],"aioseo_notices":[],"_links":{"self":[{"href":"https:\/\/tfk-berlin.de\/index.php?rest_route=\/wp\/v2\/pages\/128","targetHints":{"allow":["GET"]}}],"collection":[{"href":"https:\/\/tfk-berlin.de\/index.php?rest_route=\/wp\/v2\/pages"}],"about":[{"href":"https:\/\/tfk-berlin.de\/index.php?rest_route=\/wp\/v2\/types\/page"}],"author":[{"embeddable":true,"href":"https:\/\/tfk-berlin.de\/index.php?rest_route=\/wp\/v2\/users\/1"}],"replies":[{"embeddable":true,"href":"https:\/\/tfk-berlin.de\/index.php?rest_route=%2Fwp%2Fv2%2Fcomments&post=128"}],"version-history":[{"count":12,"href":"https:\/\/tfk-berlin.de\/index.php?rest_route=\/wp\/v2\/pages\/128\/revisions"}],"predecessor-version":[{"id":4048,"href":"https:\/\/tfk-berlin.de\/index.php?rest_route=\/wp\/v2\/pages\/128\/revisions\/4048"}],"wp:attachment":[{"href":"https:\/\/tfk-berlin.de\/index.php?rest_route=%2Fwp%2Fv2%2Fmedia&parent=128"}],"curies":[{"name":"wp","href":"https:\/\/api.w.org\/{rel}","templated":true}]}}